{"id":1449,"date":"2022-11-24T11:43:30","date_gmt":"2022-11-24T10:43:30","guid":{"rendered":"https:\/\/escuelainfantilarandadeduero.es\/allendeduero\/?page_id=1449"},"modified":"2026-02-19T19:02:22","modified_gmt":"2026-02-19T18:02:22","slug":"gratuidad-primer-ciclo-educacion-infantil","status":"publish","type":"page","link":"https:\/\/escuelainfantilarandadeduero.es\/allendeduero\/gratuidad-primer-ciclo-educacion-infantil\/","title":{"rendered":"Gratuidad primer ciclo Educaci\u00f3n Infantil"},"content":{"rendered":"\n<section  class=\"seccion\">\n<div class=\"contenedor\">\n<div class=\"fila columnas-altura\">\n\t\n<div class=\"col ancho-50\">\n<div class=\"columna\">\n<div class=\"encabezado  encabezado-centrado\">\n<div class=\"encabezado-subtitulo\">4 Unidades para ni\u00f1os\/as de 0 a 3 a\u00f1os adscritas a la gratuidad de plazas de la Junta de Castilla y Le\u00f3n.<\/div>\n<\/div>\n\t<div class=\"separador-espacio\" style=\"padding-top: 40px;\"><\/div>\n<div class=\"contenedor-boton  subir-40\">\n<a href=\"https:\/\/www.educa.jcyl.es\/es\/admision-alumnado\/admision-escuelas-infantiles-primer-ciclo-titularidad-admin\/centros-oferta-gratuita-2-3-anos\" target=\"_blank\" class=\"boton boton-flecha boton-ctr\">\n\t<span>Informaci\u00f3n general<\/span>\n<\/a>\n<\/div><\/div>\n<\/div>\n<div class=\"col ancho-50 text-ctr\">\n<div class=\"columna\">\n<div class=\"encabezado  encabezado-centrado\">\n<div class=\"encabezado-titulo\"><h3 style=\"text-align: center;\"><span style=\"color: #ff9c32;\">Calendario<\/span> <span style=\"color: #d7377d;\">escolar<\/span><\/h3><\/div><\/div><a href=\"https:\/\/www.educa.jcyl.es\/es\/calendario-escolar\" target=\"_blank\" ><img loading=\"lazy\" decoding=\"async\" src=\"https:\/\/escuelainfantilarandadeduero.es\/allendeduero\/wp-content\/uploads\/2022\/11\/icono-calendario-180x120.png\" alt=\"https:\/\/escuelainfantilarandadeduero.es\/allendeduero\/wp-content\/uploads\/2022\/11\/icono-calendario-180x120.png\" width=\"180\" height=\"120\" \/><\/a><\/div>\n<\/div><\/div>\n\n<div class=\"fila columnas-altura\">\n\t\n<div class=\"col text-ctr\">\n<div class=\"columna\"><p>Las\u00a0<strong>condiciones<\/strong>\u00a0establecidas por el Ayto. de Aranda de Duero para el servicio en las Unidades adscritas a la gratuidad de plazas del primer ciclo de educaci\u00f3n Infantil de las Escuelas Infantiles Municipales son las siguientes: - El\u00a0<strong>horario lectivo obligatorio<\/strong>\u00a0ser\u00e1 de 9:00 a 14:00.\u00a0<strong>Horario ampliado<\/strong>: 7:45 a 9:00 y de 14:00 a 20:15h. El\u00a0<strong>Calendario escolar<\/strong>\u00a0se inicia en septiembre y finalizar\u00e1 en junio, abon\u00e1ndose los d\u00edas (precio por hora) que se utilice el servicio fuera del horario y calendario escolar de la Junta de Castilla y Le\u00f3n, conforme los precios y condiciones establecidos en la ordenanza reguladora del Precio P\u00fablico (BOP de Burgos de 18 de agosto de 2021). El\u00a0<strong>servicio de comedor<\/strong>, se prestar\u00e1 en iguales condiciones que el resto del alumnado<\/p>\n\t<div class=\"separador-espacio\" style=\"padding-top: 20px;\"><\/div>\n<\/div>\n<\/div><\/div>\n\n<div class=\"fila columnas-altura\">\n\t\n<div class=\"col ancho-25 text-ctr\">\n<div class=\"columna\"><\/div>\n<\/div>\n<div class=\"col ancho-25 text-ctr\">\n<div class=\"columna\"><div class=\"contenedor-boton\">\n<a href=\"https:\/\/www.educa.jcyl.es\/es\/ei-ep-bach-tva\" target=\"_blank\" class=\"boton boton-amarillo boton-ctr\">\n\t<span>Informaci\u00f3n JCYL<\/span>\n<\/a>\n<\/div><\/div>\n<\/div>\n<div class=\"col ancho-25 text-ctr\">\n<div class=\"columna\"><div class=\"contenedor-boton\">\n<a href=\"https:\/\/escuelainfantilarandadeduero.es\/allendeduero\/pdf\/flyer-difusion-primer-ciclo2.pdf\" target=\"_blank\" class=\"boton boton-magenta boton-ctr\">\n\t<span>Ver folleto JCYL<\/span>\n<\/a>\n<\/div><\/div>\n<\/div>\n<div class=\"col ancho-25 text-ctr\">\n<div class=\"columna\"><\/div>\n<\/div><\/div>\n\n<div class=\"fila columnas-altura\">\n\t\n<div class=\"col text-ctr\">\n<div class=\"columna\">\n\t<div class=\"separador-espacio\" style=\"padding-top: 20px;\"><\/div>\n\t<div class=\"separador-linea\"><hr\/><\/div>\n\n\n\t<div class=\"separador-espacio\" style=\"padding-top: 20px;\"><\/div>\n<p style=\"text-align: center;\">Colabora:<\/p><img loading=\"lazy\" decoding=\"async\" src=\"https:\/\/escuelainfantilarandadeduero.es\/allendeduero\/wp-content\/uploads\/2022\/11\/jcyl-logotipo-180x109.png\" alt=\"https:\/\/escuelainfantilarandadeduero.es\/allendeduero\/wp-content\/uploads\/2022\/11\/jcyl-logotipo-180x109.png\" width=\"180\" height=\"109\" \/><\/div>\n<\/div><\/div>\n\n<\/div>\n<\/section>\n","protected":false},"excerpt":{"rendered":"<p>4 Unidades para ni\u00f1os\/as de 0 a 3 a\u00f1os adscritas a la gratuidad de plazas de la Junta de Castilla y Le\u00f3n. Informaci\u00f3n general Calendario escolar Las\u00a0condiciones\u00a0establecidas por el Ayto. &#8230; <a class=\"mas\" href=\"https:\/\/escuelainfantilarandadeduero.es\/allendeduero\/gratuidad-primer-ciclo-educacion-infantil\/\"><strong>M\u00c1S<\/strong><\/a><\/p>\n","protected":false},"author":1,"featured_media":0,"parent":0,"menu_order":5,"comment_status":"closed","ping_status":"closed","template":"","meta":{"footnotes":""},"class_list":["post-1449","page","type-page","status-publish","hentry"],"_links":{"self":[{"href":"https:\/\/escuelainfantilarandadeduero.es\/allendeduero\/wp-json\/wp\/v2\/pages\/1449","targetHints":{"allow":["GET"]}}],"collection":[{"href":"https:\/\/escuelainfantilarandadeduero.es\/allendeduero\/wp-json\/wp\/v2\/pages"}],"about":[{"href":"https:\/\/escuelainfantilarandadeduero.es\/allendeduero\/wp-json\/wp\/v2\/types\/page"}],"author":[{"embeddable":true,"href":"https:\/\/escuelainfantilarandadeduero.es\/allendeduero\/wp-json\/wp\/v2\/users\/1"}],"replies":[{"embeddable":true,"href":"https:\/\/escuelainfantilarandadeduero.es\/allendeduero\/wp-json\/wp\/v2\/comments?post=1449"}],"version-history":[{"count":62,"href":"https:\/\/escuelainfantilarandadeduero.es\/allendeduero\/wp-json\/wp\/v2\/pages\/1449\/revisions"}],"predecessor-version":[{"id":1898,"href":"https:\/\/escuelainfantilarandadeduero.es\/allendeduero\/wp-json\/wp\/v2\/pages\/1449\/revisions\/1898"}],"wp:attachment":[{"href":"https:\/\/escuelainfantilarandadeduero.es\/allendeduero\/wp-json\/wp\/v2\/media?parent=1449"}],"curies":[{"name":"wp","href":"https:\/\/api.w.org\/{rel}","templated":true}]}}